{"id":1354,"date":"2017-03-06T15:38:43","date_gmt":"2017-03-06T15:38:43","guid":{"rendered":"http:\/\/dolphinx.eu\/test\/vasasnoi\/?page_id=1354"},"modified":"2021-10-14T15:05:43","modified_gmt":"2021-10-14T15:05:43","slug":"adatkezelesi","status":"publish","type":"page","link":"https:\/\/bdsebasket.hu\/index.php\/adatkezelesi\/","title":{"rendered":"Adatkezel\u00e9si t\u00e1j\u00e9koztat\u00f3"},"content":{"rendered":"<div class=\"wpb-content-wrapper\"><p>[vc_row css=&#8221;.vc_custom_1555511047813{margin-top: -50px !important;}&#8221;][vc_column][vc_custom_heading text=&#8221;Adatkezel\u00e9si t\u00e1j\u00e9koztat\u00f3&#8221; use_theme_fonts=&#8221;yes&#8221;][\/vc_column][\/vc_row][vc_row][vc_column][vc_column_text]Az BDSE Basket (a tov\u00e1bbiakban: Szervezet) a m\u0171k\u00f6d\u00e9se \u00e9s a www.bdsebasket.hu (a tov\u00e1bbiakban: Honlap) m\u0171k\u00f6dtet\u00e9se sor\u00e1n a Szervezet sz\u00e1m\u00e1ra szem\u00e9lyes adataikat megad\u00f3 term\u00e9szetes szem\u00e9lyek, Honlapra l\u00e1togat\u00f3k, Honlapon regisztr\u00e1l\u00f3k vagy szem\u00e9lyes adataikat egy\u00e9b m\u00f3don megad\u00f3 (a tov\u00e1bbiakban egy\u00fcttesen \u00c9rintett) adatait kezeli. Az adatok kezel\u00e9s\u00e9vel \u00f6sszef\u00fcgg\u00e9sben a Szervezet ez\u00faton t\u00e1j\u00e9koztatja az \u00c9rintetteket az \u00e1ltala fenti viszonylatban kezelt szem\u00e9lyes adatokr\u00f3l, a szem\u00e9lyes adatok kezel\u00e9se k\u00f6r\u00e9ben k\u00f6vetett elveir\u0151l \u00e9s gyakorlat\u00e1r\u00f3l, valamint az \u00e9rintettek jogai gyakorl\u00e1s\u00e1nak m\u00f3dj\u00e1r\u00f3l \u00e9s lehet\u0151s\u00e9geir\u0151l. Az \u00c9rintett a hozz\u00e1j\u00e1rul\u00e1s\u00e1val elfogadja az Adatkezel\u00e9si T\u00e1j\u00e9koztat\u00f3ban foglaltakat, \u00e9s hozz\u00e1j\u00e1rul az al\u00e1bbiakban meghat\u00e1rozott adatkezel\u00e9sekhez.<\/p>\n<p>&nbsp;<\/p>\n<h2><a name=\"_Toc514783298\"><\/a>1. Szervezet mint adatkezel\u0151 megnevez\u00e9se<\/h2>\n<p>C\u00e9gn\u00e9v: BDSE Basket<\/p>\n<p>Sz\u00e9khely, levelez\u00e9si c\u00edm: 2040, Buda\u00f6rs, Budakeszi \u00fat 6.<\/p>\n<p>E-mail: radobasket@radobasket.hu<\/p>\n<p>&nbsp;<\/p>\n<h2><a name=\"_Toc514783299\"><\/a>2. Adatv\u00e9delemmel kapcsolatos jogszab\u00e1lyok<\/h2>\n<p>&nbsp;<\/p>\n<p>Adatkezel\u00e9si gyakorlata sor\u00e1n a Szervezet figyelembe veszi a vonatkoz\u00f3 mindenkoron hat\u00e1lyos jogszab\u00e1lyokat. Jelen t\u00e1j\u00e9koztat\u00f3ban k\u00f6zz\u00e9tett adatkezel\u00e9si alapelvek \u00f6sszhangban vannak az al\u00e1bbi jogszab\u00e1lyokkal:<\/p>\n<p>&#8211; 2011. \u00e9vi CXII. t\u00f6rv\u00e9ny \u2013 az inform\u00e1ci\u00f3s \u00f6nrendelkez\u00e9si jogr\u00f3l \u00e9s az inform\u00e1ci\u00f3szabads\u00e1gr\u00f3l (Infotv.)<\/p>\n<p>&#8211;\u00a0 az Eur\u00f3pai Parlament \u00e9s a Tan\u00e1cs 2016. \u00e1prilis 27-I (EU) 2016\/679 Rendelete (GDPR).<\/p>\n<p>&nbsp;<\/p>\n<h2><a name=\"_Toc514783300\"><\/a>3. Fogalmak<\/h2>\n<p>&nbsp;<\/p>\n<p>3.1 szem\u00e9lyes adat<\/p>\n<p>B\u00e1rmely meghat\u00e1rozott, szem\u00e9lyes adat alapj\u00e1n azonos\u00edtott vagy &#8211; k\u00f6zvetlen\u00fcl vagy k\u00f6zvetve &#8211; azonos\u00edthat\u00f3 term\u00e9szetes szem\u00e9llyel (tov\u00e1bbiakban \u00e9rintett) kapcsolatba hozhat\u00f3 adat &#8211; k\u00fcl\u00f6n\u00f6sen az \u00e9rintett neve, azonos\u00edt\u00f3 jele, valamint egy vagy t\u00f6bb fizikai, fiziol\u00f3giai, ment\u00e1lis, gazdas\u00e1gi, kultur\u00e1lis vagy szoci\u00e1lis azonoss\u00e1g\u00e1ra jellemz\u0151 ismeret -, valamint az adatb\u00f3l levonhat\u00f3, az \u00e9rintettre vonatkoz\u00f3 k\u00f6vetkeztet\u00e9s.<\/p>\n<p>&nbsp;<\/p>\n<p>3.2 hozz\u00e1j\u00e1rul\u00e1s<\/p>\n<p>Az \u00e9rintett akarat\u00e1nak \u00f6nk\u00e9ntes \u00e9s hat\u00e1rozott kinyilv\u00e1n\u00edt\u00e1sa, amely megfelel\u0151 t\u00e1j\u00e9koztat\u00e1son alapul, \u00e9s amellyel f\u00e9lre\u00e9rthetetlen beleegyez\u00e9s\u00e9t adja a r\u00e1 vonatkoz\u00f3 szem\u00e9lyes adatok &#8211; teljes k\u00f6r\u0171 vagy egyes m\u0171veletekre kiterjed\u0151 \u2013 kezel\u00e9s\u00e9hez.<\/p>\n<p>&nbsp;<\/p>\n<p>3.3 tiltakoz\u00e1s<\/p>\n<p>Az \u00e9rintett nyilatkozata, amellyel szem\u00e9lyes adatainak kezel\u00e9s\u00e9t kifog\u00e1solja, \u00e9s az adatkezel\u00e9s megsz\u00fcntet\u00e9s\u00e9t, illetve a kezelt adatok t\u00f6rl\u00e9s\u00e9t k\u00e9ri.<\/p>\n<p>&nbsp;<\/p>\n<p>3.4 adatkezel\u0151<\/p>\n<p>Az a term\u00e9szetes vagy jogi szem\u00e9ly, illetve jogi szem\u00e9lyis\u00e9ggel nem rendelkez\u0151 Szervezet, aki vagy amely \u00f6n\u00e1ll\u00f3an, vagy m\u00e1sokkal egy\u00fctt az adatok kezel\u00e9s\u00e9nek c\u00e9lj\u00e1t meghat\u00e1rozza, az adatkezel\u00e9sre (bele\u00e9rtve a felhaszn\u00e1lt eszk\u00f6zt) vonatkoz\u00f3 d\u00f6nt\u00e9seket meghozza \u00e9s v\u00e9grehajtja, vagy az \u00e1ltala megb\u00edzott adatfeldolgoz\u00f3val v\u00e9grehajtatja.<\/p>\n<p>&nbsp;<\/p>\n<p>3.5 adatkezel\u00e9s<\/p>\n<p>Az alkalmazott elj\u00e1r\u00e1st\u00f3l f\u00fcggetlen\u00fcl az adatokon v\u00e9gzett b\u00e1rmely m\u0171velet vagy a m\u0171veletek \u00f6sszess\u00e9ge, \u00edgy k\u00fcl\u00f6n\u00f6sen gy\u0171jt\u00e9se, felv\u00e9tele, r\u00f6gz\u00edt\u00e9se, rendszerez\u00e9se, t\u00e1rol\u00e1sa, megv\u00e1ltoztat\u00e1sa, felhaszn\u00e1l\u00e1sa, lek\u00e9rdez\u00e9se, tov\u00e1bb\u00edt\u00e1sa, nyilv\u00e1noss\u00e1gra hozatala, \u00f6sszehangol\u00e1sa vagy \u00f6sszekapcsol\u00e1sa, z\u00e1rol\u00e1sa, t\u00f6rl\u00e9se \u00e9s megsemmis\u00edt\u00e9se, valamint az adatok tov\u00e1bbi felhaszn\u00e1l\u00e1s\u00e1nak megakad\u00e1lyoz\u00e1sa, f\u00e9nyk\u00e9p-, hang- vagy k\u00e9pfelv\u00e9tel k\u00e9sz\u00edt\u00e9se, valamint a szem\u00e9ly azonos\u00edt\u00e1s\u00e1ra alkalmas fizikai jellemz\u0151k (pl. ujj- vagy teny\u00e9rnyomat, DNS-minta, \u00edriszk\u00e9p) r\u00f6gz\u00edt\u00e9se.<\/p>\n<p>&nbsp;<\/p>\n<p>3.6 adattov\u00e1bb\u00edt\u00e1s<\/p>\n<p>Az adat meghat\u00e1rozott harmadik szem\u00e9ly sz\u00e1m\u00e1ra t\u00f6rt\u00e9n\u0151 hozz\u00e1f\u00e9rhet\u0151v\u00e9 t\u00e9tele.<\/p>\n<p>&nbsp;<\/p>\n<p>3.7 nyilv\u00e1noss\u00e1gra hozatal<\/p>\n<p>Az adat b\u00e1rki sz\u00e1m\u00e1ra t\u00f6rt\u00e9n\u0151 hozz\u00e1f\u00e9rhet\u0151v\u00e9 t\u00e9tele.<\/p>\n<p>&nbsp;<\/p>\n<p>3.8 adatt\u00f6rl\u00e9s<\/p>\n<p>Az adatok felismerhetetlenn\u00e9 t\u00e9tele oly m\u00f3don, hogy a helyre\u00e1ll\u00edt\u00e1suk t\u00f6bb\u00e9 nem lehets\u00e9ges;<\/p>\n<p>&nbsp;<\/p>\n<p>3.9 adatz\u00e1rol\u00e1s<\/p>\n<p>Az adat azonos\u00edt\u00f3 jelz\u00e9ssel ell\u00e1t\u00e1sa tov\u00e1bbi kezel\u00e9s\u00e9nek v\u00e9gleges vagy meghat\u00e1rozott id\u0151re t\u00f6rt\u00e9n\u0151 korl\u00e1toz\u00e1sa c\u00e9lj\u00e1b\u00f3l.<\/p>\n<p>&nbsp;<\/p>\n<p>3.10 adatmegsemmis\u00edt\u00e9s<\/p>\n<p>Az adatokat tartalmaz\u00f3 adathordoz\u00f3 teljes fizikai megsemmis\u00edt\u00e9se;<\/p>\n<p>&nbsp;<\/p>\n<p>3.11 adatfeldolgoz\u00e1s<\/p>\n<p>Az adatkezel\u00e9si m\u0171veletekhez kapcsol\u00f3d\u00f3 technikai feladatok elv\u00e9gz\u00e9se, f\u00fcggetlen\u00fcl a m\u0171veletek v\u00e9grehajt\u00e1s\u00e1hoz alkalmazott m\u00f3dszert\u0151l \u00e9s eszk\u00f6zt\u0151l, valamint az alkalmaz\u00e1s hely\u00e9t\u0151l, felt\u00e9ve hogy a technikai feladatot az adatokon v\u00e9gzik.<\/p>\n<p>&nbsp;<\/p>\n<p>3.12 adatfeldolgoz\u00f3<\/p>\n<p>Az a term\u00e9szetes vagy jogi szem\u00e9ly, illetve jogi szem\u00e9lyis\u00e9ggel nem rendelkez\u0151 Szervezet, aki vagy amely az adatkezel\u0151vel k\u00f6t\u00f6tt szerz\u0151d\u00e9se alapj\u00e1n &#8211; bele\u00e9rtve a jogszab\u00e1ly rendelkez\u00e9se alapj\u00e1n t\u00f6rt\u00e9n\u0151 szerz\u0151d\u00e9sk\u00f6t\u00e9st is \u2013 adatok feldolgoz\u00e1s\u00e1t v\u00e9gzi.<\/p>\n<p>&nbsp;<\/p>\n<p>3.13 harmadik szem\u00e9ly<\/p>\n<p>Olyan term\u00e9szetes vagy jogi szem\u00e9ly, illetve jogi szem\u00e9lyis\u00e9ggel nem rendelkez\u0151 Szervezet, aki vagy amely nem azonos az \u00e9rintettel, az adatkezel\u0151vel vagy az adatfeldolgoz\u00f3val.<\/p>\n<p>3.14 harmadik orsz\u00e1g<\/p>\n<p>Minden olyan \u00e1llam, amely nem tagja az Eur\u00f3pai Gazdas\u00e1gi T\u00e9rs\u00e9gnek.<\/p>\n<p>&nbsp;<\/p>\n<p>3.15 Cookie<\/p>\n<p>Olyan sz\u00f6vegf\u00e1jl, amelyet az internetes b\u00f6ng\u00e9sz\u0151programon kereszt\u00fcl a felkeresett honlap t\u00e1rol le a sz\u00e1m\u00edt\u00f3g\u00e9p\u00fcnk\u00f6n. Funkci\u00f3ja, hogy k\u00e9nyelmesebb\u00e9, szem\u00e9lyre szabottabb\u00e1 tegye a sz\u00f6rf\u00f6l\u00e9st, hiszen seg\u00edts\u00e9g\u00e9vel elt\u00e1rolhatjuk k\u00fcl\u00f6nb\u00f6z\u0151 szem\u00e9lyes adatainkat, jelszavainkat. A cookiek seg\u00edts\u00e9g\u00fckkel c\u00e9lzott\/szem\u00e9lyre szabott rekl\u00e1mkamp\u00e1nyok is kivitelezhet\u0151k.<\/p>\n<p>&nbsp;<\/p>\n<h2><a name=\"_Toc514783301\"><\/a>4. K\u00f6vetett alapelvek az adatkezel\u00e9s sor\u00e1n<\/h2>\n<p>&nbsp;<\/p>\n<p>Szem\u00e9lyes adat akkor kezelhet\u0151, ha<\/p>\n<ol>\n<li>a) az \u00e9rintett hozz\u00e1j\u00e1rul\u00e1s\u00e1t adta szem\u00e9lyes adatainak egy vagy t\u00f6bb konkr\u00e9t c\u00e9lb\u00f3l t\u00f6rt\u00e9n\u0151 kezel\u00e9s\u00e9hez;<\/li>\n<li>b) az adatkezel\u00e9s olyan szerz\u0151d\u00e9s teljes\u00edt\u00e9s\u00e9hez sz\u00fcks\u00e9ges, amelyben az \u00e9rintett az egyik f\u00e9l, vagy az a szerz\u0151d\u00e9s megk\u00f6t\u00e9s\u00e9t megel\u0151z\u0151en az \u00e9rintett k\u00e9r\u00e9s\u00e9re t\u00f6rt\u00e9n\u0151 l\u00e9p\u00e9sek megt\u00e9tel\u00e9hez sz\u00fcks\u00e9ges;<\/li>\n<li>c) az adatkezel\u00e9s az adatkezel\u0151re vonatkoz\u00f3 jogi k\u00f6telezetts\u00e9g teljes\u00edt\u00e9s\u00e9hez sz\u00fcks\u00e9ges;<\/li>\n<li>d) az adatkezel\u00e9s az \u00e9rintett vagy egy m\u00e1sik term\u00e9szetes szem\u00e9ly l\u00e9tfontoss\u00e1g\u00fa \u00e9rdekeinek v\u00e9delme miatt sz\u00fcks\u00e9ges;<\/li>\n<li>e) az adatkezel\u00e9s k\u00f6z\u00e9rdek\u0171 vagy az adatkezel\u0151re ruh\u00e1zott k\u00f6zhatalmi jogos\u00edtv\u00e1ny gyakorl\u00e1s\u00e1nak keret\u00e9ben v\u00e9gzett feladat v\u00e9grehajt\u00e1s\u00e1hoz sz\u00fcks\u00e9ges;<\/li>\n<li>f) az adatkezel\u00e9s az adatkezel\u0151 vagy egy harmadik f\u00e9l jogos \u00e9rdekeinek \u00e9rv\u00e9nyes\u00edt\u00e9s\u00e9hez sz\u00fcks\u00e9ges, kiv\u00e9ve, ha ezen \u00e9rdekekkel szemben els\u0151bbs\u00e9get \u00e9lveznek az \u00e9rintett olyan \u00e9rdekei vagy alapvet\u0151 jogai \u00e9s szabads\u00e1gai, amelyek szem\u00e9lyes adatok v\u00e9delm\u00e9t teszik sz\u00fcks\u00e9gess\u00e9, k\u00fcl\u00f6n\u00f6sen, ha az \u00e9rintett gyermek.<\/li>\n<\/ol>\n<p>Szem\u00e9lyes adat kiz\u00e1r\u00f3lag meghat\u00e1rozott c\u00e9lb\u00f3l, jog gyakorl\u00e1sa \u00e9s k\u00f6telezetts\u00e9g teljes\u00edt\u00e9se \u00e9rdek\u00e9ben kezelhet\u0151. Az adatkezel\u00e9snek minden szakasz\u00e1ban meg kell felelnie az adatkezel\u00e9s c\u00e9lj\u00e1nak, az adatok felv\u00e9tel\u00e9nek \u00e9s kezel\u00e9s\u00e9nek tisztess\u00e9gesnek \u00e9s t\u00f6rv\u00e9nyesnek kell lennie.<\/p>\n<p>&nbsp;<\/p>\n<p>Csak olyan szem\u00e9lyes adat kezelhet\u0151, amely az adatkezel\u00e9s c\u00e9lj\u00e1nak megval\u00f3sul\u00e1s\u00e1hoz elengedhetetlen, a c\u00e9l el\u00e9r\u00e9s\u00e9re alkalmas. A szem\u00e9lyes adat csak a c\u00e9l megval\u00f3sul\u00e1s\u00e1hoz sz\u00fcks\u00e9ges m\u00e9rt\u00e9kben \u00e9s ideig kezelhet\u0151.<\/p>\n<p>&nbsp;<\/p>\n<p>Az adatkezel\u00e9s sor\u00e1n biztos\u00edtani kell az adatok pontoss\u00e1g\u00e1t, teljess\u00e9g\u00e9t \u00e9s &#8211; ha az adatkezel\u00e9s c\u00e9lj\u00e1ra tekintettel sz\u00fcks\u00e9ges naprak\u00e9szs\u00e9g\u00e9t, valamint azt, hogy az \u00e9rintettet csak az adatkezel\u00e9s c\u00e9lj\u00e1hoz sz\u00fcks\u00e9ges ideig lehessen azonos\u00edtani. A megadott adatok\u00e9rt, azok helyess\u00e9g\u00e9\u00e9rt, teljess\u00e9g\u00e9rt \u00e9s val\u00f3dis\u00e1g\u00e1\u00e9rt az \u00e9rintett a felel\u0151s. A t\u00e9vesen megadott adatokb\u00f3l ered\u0151 k\u00e1rok\u00e9rt a Szervezet akkor sem felel, ha az adat t\u00e9ves jelleg\u00e9t felismerhette. Ha az adatokat megad\u00f3 m\u00e1s szem\u00e9ly nev\u00e9ben j\u00e1r el, az adat megad\u00f3ja felel\u0151s az\u00e9rt, hogy a jelen Adatkezel\u00e9si t\u00e1j\u00e9koztat\u00f3 szerinti felt\u00e9telekkel megegyez\u0151 adatv\u00e9delmi hozz\u00e1j\u00e1rul\u00f3 nyilatkozattal az \u00e9rintett szem\u00e9lyt\u0151l rendelkezz\u00e9k, illetve ennek bizony\u00edt\u00e1sa is \u0151t terheli.<\/p>\n<p>&nbsp;<\/p>\n<p>Szem\u00e9lyes adat csak a megfelel\u0151 el\u0151zetes t\u00e1j\u00e9koztat\u00e1son alapul\u00f3 beleegyez\u00e9ssel kezelhet\u0151, kiv\u00e9ve, ha annak kezel\u00e9s\u00e9t t\u00f6rv\u00e9ny \u00edrja el\u0151, illetve a felek jogos \u00e9rdeke.<\/p>\n<p>&nbsp;<\/p>\n<p>Az adatkezel\u00e9s\u00e9be ker\u00fcl\u0151 szem\u00e9lyes adatokat a Szervezet nyilv\u00e1noss\u00e1gra nem hozza, az eml\u00edtett alv\u00e1llalkoz\u00f3kon k\u00edv\u00fcl harmadik f\u00e9lnek nem adja \u00e1t, illetve az \u00e1tadott szem\u00e9lyes adatokat az alv\u00e1llalkoz\u00f3k semmilyen m\u00f3don nem jogosultak meg\u0151rizni, illetve tov\u00e1bbi harmadik szem\u00e9lyeknek \u00e1tadni.<\/p>\n<p>&nbsp;<\/p>\n<p>Szem\u00e9lyes adatot az adatkezel\u0151 harmadik orsz\u00e1gban adatkezel\u00e9st folytat\u00f3 adatkezel\u0151 vagy adatfeldolgoz\u00e1st v\u00e9gz\u0151 adatfeldolgoz\u00f3 r\u00e9sz\u00e9re akkor tov\u00e1bb\u00edthat, ha ahhoz az \u00e9rintett kifejezetten hozz\u00e1j\u00e1rult. Az Eur\u00f3pai Gazdas\u00e1gi T\u00e9rs\u00e9ghez tartoz\u00f3-\u00e1llamba ir\u00e1nyul\u00f3 adattov\u00e1bb\u00edt\u00e1st \u00fagy kell tekinteni, mintha Magyarorsz\u00e1g ter\u00fclet\u00e9n bel\u00fcli adattov\u00e1bb\u00edt\u00e1sra ker\u00fclne sor.<\/p>\n<p>&nbsp;<\/p>\n<p>Az \u00e9rintettel az adatkezel\u00e9s megkezd\u00e9se el\u0151tt k\u00f6z\u00f6lni kell, hogy az adatkezel\u00e9s hozz\u00e1j\u00e1rul\u00e1son alapul vagy k\u00f6telez\u0151. Az \u00e9rintettet az adatkezel\u00e9s megkezd\u00e9se el\u0151tt egy\u00e9rtelm\u0171en \u00e9s r\u00e9szletesen t\u00e1j\u00e9koztatni kell az adatai kezel\u00e9s\u00e9vel kapcsolatos minden t\u00e9nyr\u0151l, \u00edgy k\u00fcl\u00f6n\u00f6sen az adatkezel\u00e9s c\u00e9lj\u00e1r\u00f3l \u00e9s jogalapj\u00e1r\u00f3l, az adatkezel\u00e9sre \u00e9s az adatfeldolgoz\u00e1sra jogosult szem\u00e9ly\u00e9r\u0151l, az adatkezel\u00e9s id\u0151tartam\u00e1r\u00f3l, illetve arr\u00f3l, hogy kik ismerhetik meg az adatokat.<\/p>\n<p>&nbsp;<\/p>\n<p>A t\u00e1j\u00e9koztat\u00e1snak ki kell terjednie az \u00e9rintett adatkezel\u00e9ssel kapcsolatos jogaira \u00e9s jogorvoslati lehet\u0151s\u00e9geire is.<\/p>\n<p>&nbsp;<\/p>\n<p>A Szervezet gondoskodik az adatok biztons\u00e1g\u00e1r\u00f3l, tov\u00e1bb\u00e1 megteszi mindazokat a technikai int\u00e9zked\u00e9seket, illetve kialak\u00edtja azokat az elj\u00e1r\u00e1si szab\u00e1lyokat, amelyek az adatv\u00e9delmi rendelkez\u00e9sek megval\u00f3sul\u00e1s\u00e1hoz sz\u00fcks\u00e9gesek, \u00f6sszhangban a 2. pontban r\u00e9szletezett jogszab\u00e1lyok rendelkez\u00e9seivel.<\/p>\n<p>&nbsp;<\/p>\n<h2><a name=\"_Toc514783302\"><\/a>5. Az adatkezel\u00e9s jogalapja \u00e9s c\u00e9lja<\/h2>\n<p>&nbsp;<\/p>\n<p>Az adatkezel\u00e9sre \u00e9rintettek \u00f6nk\u00e9ntes hozz\u00e1j\u00e1rul\u00e1s\u00e1val ker\u00fcl sor. A hozz\u00e1j\u00e1rul\u00e1s megad\u00e1sa mag\u00e1ban foglalja az adatkezel\u00e9si t\u00e1j\u00e9koztat\u00f3ban le\u00edrtak elfogad\u00e1s\u00e1t.<\/p>\n<p>&nbsp;<\/p>\n<h3><a name=\"_Toc514783304\"><\/a>5.1 K\u00fcls\u0151 Szervezetek adatfelv\u00e9tele a honlapon<\/h3>\n<p>&nbsp;<\/p>\n<p>A Szervezet megb\u00edz\u00e1s\u00e1b\u00f3l k\u00fcls\u0151 Szervezetek nem gy\u0171jtenek, \u00e9s nem kezelnek szem\u00e9lyes adatokat.<\/p>\n<p>A webanalitikai Szervezet a Szervezet megb\u00edz\u00e1s\u00e1b\u00f3l a Google Inc. (1600 Amphitheatre Parkway, Mountain View, CA 94043) csup\u00e1n az egy\u00e9nre utal\u00f3 inform\u00e1ci\u00f3kt\u00f3l megfosztott adatokat jogosult kezelni. Az alkalmazott adatkezel\u00e9si ir\u00e1nyelveket a http:\/\/www.google.com\/intl\/hu\/privacy\/ (http:\/\/www.google.com\/intl\/hu\/privacy\/) oldalon ismerheti meg.<\/p>\n<p>&nbsp;<\/p>\n<h3><a name=\"_Toc514783305\"><\/a>5.3 Bek\u00e9rt szem\u00e9lyes adatok<\/h3>\n<table width=\"818\">\n<tbody>\n<tr>\n<td width=\"818\">&nbsp;<\/p>\n<p>Kezelt adatok k\u00f6re, t\u00edpusa:<\/p>\n<p>\u00d6n\u00e9letrajzok adatai<\/p>\n<p><strong>Adatkezel\u00e9s c\u00e9lja:<\/strong><\/p>\n<p>Esetleges munkaszerz\u0151d\u00e9shez<\/p>\n<p><strong>\u00c9rintettek k\u00f6re:<\/strong><\/p>\n<p>\u00c1ll\u00e1sra jelentkez\u0151k<\/p>\n<p><strong>Adatkezel\u00e9s jogalapja:<\/strong><\/p>\n<p>&#8211; GDPR rendelt 6. cikk 1.bek. f pont<\/p>\n<p><strong>Szem\u00e9lyes adatok t\u00edpusa:<\/strong><\/p>\n<p>Elb\u00edr\u00e1l\u00e1shoz sz\u00fcks\u00e9ges szem\u00e9lyes, tanulm\u00e1nyi, karrier \u00e9s egy\u00e9b adatok<\/p>\n<p><strong>Adatgazda, adathoz hozz\u00e1f\u00e9r:<\/strong><\/p>\n<p>\u00dcgyvezet\u0151<\/p>\n<p><strong>Adatkezel\u00e9s id\u0151tartama: 1 \u00e9v<\/strong><\/td>\n<\/tr>\n<tr>\n<td width=\"818\">&nbsp;<\/p>\n<p><strong>Kezelt adatok k\u00f6re, t\u00edpusa:<\/strong><\/p>\n<p>Megb\u00edz\u00e1si, v\u00e1llalkoz\u00e1si szerz\u0151d\u00e9sek adatai<\/p>\n<p><strong>Adatkezel\u00e9s c\u00e9lja:<\/strong><\/p>\n<p>Ad\u00f3\u00fcgyekhez, p\u00e9nz\u00fcgyekhez<\/p>\n<p><strong>\u00c9rintettek k\u00f6re:<\/strong><\/p>\n<p>Partnerek k\u00e9pvisel\u0151i<\/p>\n<p><strong>Adatkezel\u00e9s jogalapja:<\/strong><\/p>\n<p>&#8211; GDPR rendelt 6. cikk 1.bek. b, c pont<\/p>\n<p>&#8211; 2013. \u00e9vi V. t\u00f6rv\u00e9ny a Polg\u00e1ri t\u00f6rv\u00e9nyk\u00f6nyvr\u0151l<\/p>\n<p><strong>Szem\u00e9lyes adatok t\u00edpusa:<\/strong><\/p>\n<p>N\u00e9v, c\u00edm, el\u00e9rhet\u0151s\u00e9g<\/p>\n<p><strong>Adatgazda, adathoz hozz\u00e1f\u00e9r:<\/strong><\/p>\n<p>\u00dcgyvezet\u0151<\/p>\n<p><strong>Megoszt\u00e1sra ker\u00fcl:<\/strong><\/p>\n<p>K\u00fcls\u0151 k\u00f6nyvel\u0151 \u00e9s b\u00e9rsz\u00e1mfejt\u0151 c\u00e9g<\/p>\n<p><strong>Adatkezel\u00e9s id\u0151tartama:<\/strong><\/p>\n<p>szerz\u0151d\u00e9s lez\u00e1r\u00e1s\u00e1t k\u00f6vet\u0151en legal\u00e1bb 5 \u00e9vig<\/td>\n<\/tr>\n<tr>\n<td width=\"818\">&nbsp;<\/p>\n<p><strong>Kezelt adatok k\u00f6re, t\u00edpusa:<\/strong><\/p>\n<p>C\u00e9ges kapcsolattart\u00f3k adatai<\/p>\n<p><strong>Adatkezel\u00e9s c\u00e9lja:<\/strong><\/p>\n<p>\u00dczleti tev\u00e9kenys\u00e9ghez<\/p>\n<p><strong>\u00c9rintettek k\u00f6re:<\/strong><\/p>\n<p>Partnerek k\u00e9pvisel\u0151i, dolgoz\u00f3i<\/p>\n<p><strong>Adatkezel\u00e9s jogalapja:<\/strong><\/p>\n<p>&#8211; GDPR rendelt 6. cikk 1.bek. f pont<\/p>\n<p><strong>Szem\u00e9lyes adatok t\u00edpusa:<\/strong><\/p>\n<p>N\u00e9v, c\u00edm, el\u00e9rhet\u0151s\u00e9g<\/p>\n<p><strong>Adatgazda, adathoz hozz\u00e1f\u00e9r:<\/strong><\/p>\n<p>\u00dcgyvezet\u0151<\/p>\n<p><strong>Adatkezel\u00e9s id\u0151tartama:<\/strong><\/p>\n<p>szerz\u0151d\u00e9s lez\u00e1r\u00e1s\u00e1t k\u00f6vet\u0151en legal\u00e1bb 5 \u00e9vig<\/td>\n<\/tr>\n<tr>\n<td width=\"818\">&nbsp;<\/p>\n<p><strong>Kezelt adatok k\u00f6re, t\u00edpusa:<\/strong><\/p>\n<p>Sz\u00e1ml\u00e1n szerepl\u0151 adatok<\/p>\n<p><strong>Adatkezel\u00e9s c\u00e9lja:<\/strong><\/p>\n<p>Sz\u00e1ml\u00e1z\u00e1shoz, sz\u00e1ll\u00edt\u00e1shoz<\/p>\n<p><strong>\u00c9rintettek k\u00f6re:<\/strong><\/p>\n<p>\u00dcgyfelek<\/p>\n<p><strong>Adatkezel\u00e9s jogalapja:<\/strong><\/p>\n<p>&#8211; GDPR rendelt 6. cikk 1.bek. b, c pont<\/p>\n<p>&#8211; 2007. \u00e9vi CXXVII. t\u00f6rv\u00e9ny<\/p>\n<p>az \u00e1ltal\u00e1nos forgalmi ad\u00f3r\u00f3l<\/p>\n<p><strong>Szem\u00e9lyes adatok t\u00edpusa:<\/strong><\/p>\n<p>V\u00e1s\u00e1rl\u00f3k szem\u00e9lyes adatai (n\u00e9v, c\u00edm, telefonsz\u00e1m, emailc\u00edm)<\/p>\n<p><strong>Adatgazda, adathoz hozz\u00e1f\u00e9r:<\/strong><\/p>\n<p>\u00dcgyvezet\u0151<\/p>\n<p><strong>Megoszt\u00e1sra ker\u00fcl:<\/strong><\/p>\n<p>K\u00fcls\u0151 k\u00f6nyvel\u0151 \u00e9s b\u00e9rsz\u00e1mfejt\u0151 c\u00e9g<\/p>\n<p><strong>Adatkezel\u00e9s id\u0151tartama:<\/strong><\/p>\n<p>szerz\u0151d\u00e9s lez\u00e1r\u00e1s\u00e1t k\u00f6vet\u0151en legal\u00e1bb 5 \u00e9vig<\/td>\n<\/tr>\n<tr>\n<td width=\"818\">&nbsp;<\/p>\n<p><strong>Kezelt adatok k\u00f6re, t\u00edpusa:<\/strong><\/p>\n<p>Honlap l\u00e1togat\u00f3inak adatai<\/p>\n<p><strong>Adatkezel\u00e9s c\u00e9lja:<\/strong><\/p>\n<p>a honlap l\u00e1togat\u00e1sa sor\u00e1n a szolg\u00e1ltat\u00f3 a szolg\u00e1ltat\u00e1s m\u0171k\u00f6d\u00e9s\u00e9nek ellen\u0151rz\u00e9se \u00e9s a vissza\u00e9l\u00e9sek megakad\u00e1lyoz\u00e1sa \u00e9rdek\u00e9ben r\u00f6gz\u00edti a l\u00e1togat\u00f3i adatokat<\/p>\n<p><strong>\u00c9rintettek k\u00f6re:<\/strong><\/p>\n<p>honlapra l\u00e1togat\u00f3k<\/p>\n<p><strong>Adatkezel\u00e9s jogalapja:<\/strong><\/p>\n<p>&#8211; GDPR rendelt 6. cikk 1.bek. b pont<\/p>\n<p>&#8211; 2001. \u00e9vi CVIII. t\u00f6rv\u00e9ny az elektronikus kereskedelmi szolg\u00e1ltat\u00e1sok, valamint az inform\u00e1ci\u00f3s t\u00e1rsadalommal \u00f6sszef\u00fcgg\u0151 szolg\u00e1ltat\u00e1sok egyes k\u00e9rd\u00e9seir\u0151l, 13\/A. \u00a7 (3)<\/p>\n<p><strong>Szem\u00e9lyes adatok t\u00edpusa:<\/strong><\/p>\n<p>d\u00e1tum, id\u0151pont, a felhaszn\u00e1l\u00f3 sz\u00e1m\u00edt\u00f3g\u00e9p\u00e9nek IP c\u00edme, a megl\u00e1togatott oldal c\u00edme, az el\u0151z\u0151leg megl\u00e1togatott oldal c\u00edme, a felhaszn\u00e1l\u00f3 oper\u00e1ci\u00f3s rendszer\u00e9vel \u00e9s b\u00f6ng\u00e9sz\u0151j\u00e9vel kapcsolatos adatok<\/p>\n<p><strong>Adatgazda, adathoz hozz\u00e1f\u00e9r:<\/strong><\/p>\n<p>\u00dcgyvezet\u0151<\/p>\n<p><strong>Megoszt\u00e1sra ker\u00fcl:<\/strong><\/p>\n<p>T\u00e1rhely szolg\u00e1ltat\u00f3<\/p>\n<p><strong>Adatkezel\u00e9s id\u0151tartama:<\/strong><\/p>\n<p>a honlap megtekint\u00e9s\u00e9t\u0151l sz\u00e1m\u00edtott 30 nap<\/td>\n<\/tr>\n<tr>\n<td width=\"818\">&nbsp;<\/p>\n<p><strong>Kezelt adatok k\u00f6re, t\u00edpusa:<\/strong><\/p>\n<p>Feliratkoz\u00f3k weblapon (t\u00e1bor, edz\u00e9s)<\/p>\n<p><strong>Adatkezel\u00e9s c\u00e9lja:<\/strong><\/p>\n<p>e-mail h\u00edrlevelek k\u00fcld\u00e9se az \u00e9rdekl\u0151d\u0151k r\u00e9sz\u00e9re, t\u00e1j\u00e9koztat\u00e1s az aktu\u00e1lis inform\u00e1ci\u00f3kr\u00f3l, v\u00e1ltoz\u00e1sokr\u00f3l<\/p>\n<p><strong>\u00c9rintettek k\u00f6re:<\/strong><\/p>\n<p>honlap feliratkoz\u00f3k h\u00edrlev\u00e9l \u0171rlapon<\/p>\n<p><strong>Adatkezel\u00e9s jogalapja:<\/strong><\/p>\n<p>&#8211; GDPR rendelt 6. cikk 1.bek. c, f pont<\/p>\n<p>&#8211; az \u00e9rintett hozz\u00e1j\u00e1rul\u00e1sa \u00e9s a 2008. \u00e9vi XLVIII. t\u00f6rv\u00e9ny<\/p>\n<p>a gazdas\u00e1gi rekl\u00e1mtev\u00e9kenys\u00e9g alapvet\u0151 felt\u00e9teleir\u0151l \u00e9s egyes korl\u00e1tair\u00f3l 6. \u00a7 (5) bekezd\u00e9se<\/p>\n<p><strong>Szem\u00e9lyes adatok t\u00edpusa:<\/strong><\/p>\n<p>N\u00e9v, Sz\u00fclet\u00e9si d\u00e1tum, Sz\u00fcl\u0151 \/ gondvisel\u0151 neve, Mobiltelefonsz\u00e1m, E-mail c\u00edm, Lakc\u00edm (Irsz., v\u00e1ros, utca h.sz\u00e1m), Mi\u00f3ta kos\u00e1rlabd\u00e1zik, Egyes\u00fclet\/DSK, Ruha m\u00e9ret, Rendszeresen szedett gy\u00f3gyszerek, Gy\u00f3gyszer\u00e9rz\u00e9kenys\u00e9g, Allergia, vagy egy\u00e9b id\u0151szakos betegs\u00e9g, Egy\u00e9b sz\u00fcl\u0151i k\u00f6zlend\u0151)<\/p>\n<p><strong>Adatgazda, adathoz hozz\u00e1f\u00e9r:<\/strong><\/p>\n<p>\u00dcgyvezet\u0151<\/p>\n<p><strong>Adatkezel\u00e9s id\u0151tartama:<\/strong><\/p>\n<p>a hozz\u00e1j\u00e1rul\u00e1s visszavon\u00e1sa, a meg nem er\u0151s\u00edtett feliratkoz\u00e1sok eset\u00e9ben 30 nap<\/td>\n<\/tr>\n<tr>\n<td width=\"818\">&nbsp;<\/p>\n<p><strong>Kezelt adatok k\u00f6re, t\u00edpusa:<\/strong><\/p>\n<p>Sportszerz\u0151d\u00e9s<\/p>\n<p><strong>Adatkezel\u00e9s c\u00e9lja:<\/strong><\/p>\n<p>Adminisztr\u00e1ci\u00f3<\/p>\n<p><strong>\u00c9rintettek k\u00f6re:<\/strong><\/p>\n<p>Sportol\u00f3k<\/p>\n<p><strong>Adatkezel\u00e9s jogalapja:<\/strong><\/p>\n<p>&#8211; GDPR rendelt 6. cikk 1.bek. c pont<\/p>\n<p>&#8211; Sportr\u00f3l sz\u00f3l\u00f3 2004. \u00e9vi I. t\u00f6rv\u00e9ny<\/p>\n<p>&#8211; sz\u00f6vets\u00e9gi el\u0151\u00edr\u00e1s<\/p>\n<p><strong>Szem\u00e9lyes adatok t\u00edpusa:<\/strong><\/p>\n<p>Sz\u00f6vets\u00e9g \u00e1ltal el\u0151\u00edrt adatok<\/p>\n<p><strong>Adatgazda, adathoz hozz\u00e1f\u00e9r:<\/strong><\/p>\n<p>\u00dcgyvezet\u0151<\/p>\n<p><strong>Adatkezel\u00e9s id\u0151tartama:<\/strong><\/p>\n<p>8 \u00e9v<\/td>\n<\/tr>\n<tr>\n<td width=\"818\">&nbsp;<\/p>\n<p><strong>Kezelt adatok k\u00f6re, t\u00edpusa:<\/strong><\/p>\n<p>P\u00e1rtol\u00f3 tag<\/p>\n<p><strong>Adatkezel\u00e9s c\u00e9lja:<\/strong><\/p>\n<p>Nyilv\u00e1ntart\u00e1s, adminisztr\u00e1ci\u00f3<\/p>\n<p><strong>\u00c9rintettek k\u00f6re:<\/strong><\/p>\n<p>Sz\u00fcl\u0151k<\/p>\n<p><strong>Adatkezel\u00e9s jogalapja:<\/strong><\/p>\n<p>&#8211; GDPR rendelt 6. cikk 1.bek. f pont<\/p>\n<p>&#8211; 2011. \u00e9vi CLXXV. T\u00f6rv\u00e9ny az egyes\u00fcl\u00e9si jogr\u00f3l, a k\u00f6zhaszn\u00fa jog\u00e1ll\u00e1sr\u00f3l, valamint a civil szervezetek m\u0171k\u00f6d\u00e9s\u00e9r\u0151l \u00e9s t\u00e1mogat\u00e1s\u00e1r\u00f3l<\/p>\n<p><strong>Szem\u00e9lyes adatok t\u00edpusa:<\/strong><\/p>\n<p>N\u00e9v, e-mail c\u00edm, sz\u00fclet\u00e9si hely, anyja neve, lakc\u00edm, el\u00e9reht\u0151s\u00e9gek<\/p>\n<p><strong>Adatgazda, adathoz hozz\u00e1f\u00e9r:<\/strong><\/p>\n<p>\u00dcgyvezet\u0151<\/p>\n<p><strong>Adatkezel\u00e9s id\u0151tartama:<\/strong><\/p>\n<p>8 \u00e9v<\/td>\n<\/tr>\n<tr>\n<td width=\"818\">&nbsp;<\/p>\n<p><strong>Kezelt adatok k\u00f6re, t\u00edpusa:<\/strong><\/p>\n<p>TAO elsz\u00e1mol\u00e1s<\/p>\n<p><strong>Adatkezel\u00e9s c\u00e9lja:<\/strong><\/p>\n<p>Nyilv\u00e1ntart\u00e1s, adminisztr\u00e1ci\u00f3<\/p>\n<p><strong>\u00c9rintettek k\u00f6re:<\/strong><\/p>\n<p>Sportol\u00f3k, edz\u0151k, k\u00eds\u00e9r\u0151 szem\u00e9lyezet<\/p>\n<p><strong>Adatkezel\u00e9s jogalapja:<\/strong><\/p>\n<p>&#8211; GDPR rendelt 6. cikk 1.bek. c pont<\/p>\n<p>&#8211; 1996. \u00e9vi LXXXI. T\u00f6rv\u00e9ny a t\u00e1rsas\u00e1gi ad\u00f3r\u00f3l \u00e9s az osztal\u00e9kad\u00f3r\u00f3l<\/p>\n<p><strong>Szem\u00e9lyes adatok t\u00edpusa:<\/strong><\/p>\n<p>T\u00f6rv\u00e9ny \u00e1ltal el\u0151\u00edrt adatok<\/p>\n<p><strong>Adatgazda, adathoz hozz\u00e1f\u00e9r:<\/strong><\/p>\n<p>\u00dcgyvezet\u0151<\/p>\n<p><strong>Megoszt\u00e1sra ker\u00fcl:<\/strong><\/p>\n<p>MKOSZ, EMMI<\/p>\n<p><strong>Adatkezel\u00e9s id\u0151tartama:<\/strong><\/p>\n<p>10 \u00e9v<\/td>\n<\/tr>\n<tr>\n<td width=\"818\">&nbsp;<\/p>\n<p><strong>Kezelt adatok k\u00f6re, t\u00edpusa:<\/strong><\/p>\n<p>Okm\u00e1ny m\u00e1solatok (SZIG, lakc\u00edmk\u00e1rtya)<\/p>\n<p><strong>Adatkezel\u00e9s c\u00e9lja:<\/strong><\/p>\n<p>Nyilv\u00e1ntart\u00e1s, adminisztr\u00e1ci\u00f3<\/p>\n<p><strong>\u00c9rintettek k\u00f6re:<\/strong><\/p>\n<p>Sportol\u00f3k<\/p>\n<p><strong>Adatkezel\u00e9s jogalapja:<\/strong><\/p>\n<p>&#8211; GDPR rendelt 6. cikk 1.bek. f pont<\/p>\n<p>&#8211; Sz\u00f6vets\u00e9gi nyilv\u00e1ntart\u00e1si rendszer elv\u00e1r\u00e1s<\/p>\n<p><strong>Szem\u00e9lyes adatok t\u00edpusa:<\/strong><\/p>\n<p>Okm\u00e1nyokon szerepl\u0151 adatok<\/p>\n<p><strong>Adatgazda, adathoz hozz\u00e1f\u00e9r:<\/strong><\/p>\n<p>\u00dcgyvezet\u0151<\/p>\n<p><strong>Megoszt\u00e1sra ker\u00fcl:<\/strong><\/p>\n<p>MKOSZ<\/p>\n<p><strong>Adatkezel\u00e9s id\u0151tartama:<\/strong><\/p>\n<p>t\u00f6rl\u00e9si k\u00e9relemig<\/td>\n<\/tr>\n<\/tbody>\n<\/table>\n<p>&nbsp;<\/p>\n<h2><a name=\"_Toc514783310\"><\/a>6. Cookie-k alkalmaz\u00e1sa a Szervezet weboldal\u00e1n<\/h2>\n<p>&nbsp;<\/p>\n<p>Mi a cookie?<\/p>\n<p>&nbsp;<\/p>\n<p>Cookie-k alatt olyan kism\u00e9ret\u0171 sz\u00f6veges f\u00e1jlokat \u00e9rt\u00fcnk, amelyekben a weboldalak a l\u00e1togat\u00e1sokkal kapcsolatos inform\u00e1ci\u00f3kat meghat\u00e1rozott ideig \u00e9s c\u00e9lb\u00f3l t\u00e1rolj\u00e1k. Az ism\u00e9telt l\u00e1togat\u00e1sok sor\u00e1n a weboldal k\u00e9pes felismerni a sz\u00f6vegf\u00e1jlt, ez\u00e1ltal beazonos\u00edtva a kor\u00e1bbi l\u00e1togat\u00f3t.<\/p>\n<p>&nbsp;<\/p>\n<p>A cookie-k els\u0151dleges funkci\u00f3ja, hogy k\u00e9nyelmesebb\u00e9, szem\u00e9lyre szabott\u00e1 tegy\u00e9k a b\u00f6ng\u00e9sz\u00e9st, hiszen seg\u00edts\u00e9g\u00fckkel elt\u00e1rolhatjuk k\u00fcl\u00f6nb\u00f6z\u0151 szem\u00e9lyes adatainkat, be\u00e1ll\u00edt\u00e1sainkat. A cookie-k seg\u00edts\u00e9g\u00e9vel j\u00f3l c\u00e9lzott, szem\u00e9lyre szabott rekl\u00e1mkamp\u00e1nyok is megval\u00f3s\u00edthat\u00f3k.<\/p>\n<p>&nbsp;<\/p>\n<p>Cookie be\u00e1ll\u00edt\u00e1sok<\/p>\n<p>B\u00f6ng\u00e9sz\u0151je megfelel\u0151 be\u00e1ll\u00edt\u00e1s\u00e1val megtilthatja az cookie-k t\u00e1rol\u00e1s\u00e1t; illetve a http:\/\/tools.google.com\/dlpage\/gaoptout?hl=hu c\u00edmen let\u00f6lthet\u0151 b\u00f6ng\u00e9sz\u0151b\u0151v\u00edtm\u00e9nnyel megtilthatja az cookie-ban l\u00e9v\u0151, a weboldal haszn\u00e1lat\u00e1t le\u00edr\u00f3 adatok (k\u00f6zt\u00fck az IP-c\u00edm) elk\u00fcld\u00e9s\u00e9t a Google r\u00e9sz\u00e9re, illetve az ilyen adatok Google \u00e1ltali kezel\u00e9s\u00e9t \u00e9s feldolgoz\u00e1s\u00e1t.<\/p>\n<p>&nbsp;<\/p>\n<p>Cookie-k t\u00edpusai<\/p>\n<p>A Szervezet weboldal\u00e1n haszn\u00e1latos cookie-kat n\u00e9gy k\u00fcl\u00f6nb\u00f6z\u0151 kateg\u00f3ri\u00e1ba sorolhatjuk, a Nemzetk\u00f6zi Kereskedelmi Kamara oszt\u00e1lyoz\u00e1s\u00e1nak (https:\/\/www.cookielaw.org\/media\/1096\/icc_uk_cookiesguide_revnov.pdf) megfelel\u0151en: m\u0171k\u00f6d\u00e9shez felt\u00e9tlen\u00fcl sz\u00fcks\u00e9ges, teljes\u00edtm\u00e9nyt jav\u00edt\u00f3, egy\u00e9ni be\u00e1ll\u00edt\u00e1sokat t\u00e1rol\u00f3, webanalitikai \u00e9s hirdet\u00e9sek c\u00e9lz\u00e1s\u00e1t szolg\u00e1l\u00f3 cookie.<\/p>\n<p>&nbsp;<\/p>\n<p>Szervezet honlapj\u00e1n haszn\u00e1lt cookie:<\/p>\n<p>&nbsp;<\/p>\n<p>(1) Google Analytics<\/p>\n<p>&nbsp;<\/p>\n<p>Weboldalunk ig\u00e9nybe veszi a Google Inc. (c\u00edm: 1600 Amphitheatre Parkway, Mountain View, CA 94043, USA; a tov\u00e1bbiakban Google) webanalitikai Google Analytics szolg\u00e1ltat\u00e1s\u00e1t. A Google Analytics saj\u00e1t cookie-kat haszn\u00e1l \u2013 ezek is a felhaszn\u00e1l\u00f3 sz\u00e1m\u00edt\u00f3g\u00e9p\u00e9n t\u00e1rolt sz\u00f6vegf\u00e1jlok \u2013 a felhaszn\u00e1l\u00f3k weboldalhaszn\u00e1lat\u00e1nak elemz\u00e9s\u00e9hez. A jelen weboldal haszn\u00e1lati adatait le\u00edr\u00f3 cookie-ban tal\u00e1lhat\u00f3 inform\u00e1ci\u00f3k rendszerint a Google asz Amerikai Egyes\u00fclt \u00c1llamokban m\u0171k\u00f6d\u0151 valamelyik szerver\u00e9re jutnak el, \u00e9s ott t\u00e1rol\u00f3dnak.<\/p>\n<p>&nbsp;<\/p>\n<p>A Google adatfeldolgoz\u00e1si megb\u00edz\u00e1sunk alapj\u00e1n \u00e9s a nev\u00fcnkben haszn\u00e1lja fel a hozz\u00e1 eljutott adatokat a weboldal haszn\u00e1lat\u00e1nak elemz\u00e9s\u00e9re \u00e9s a weboldalakon kifejtett tev\u00e9kenys\u00e9geket feldolgoz\u00f3 jelent\u00e9sek \u00f6ssze\u00e1ll\u00edt\u00e1s\u00e1ra, tov\u00e1bb\u00e1 megb\u00edz\u00e1sunk keret\u00e9n bel\u00fcl szolg\u00e1ltat egy\u00e9b weboldalakkal kapcsolatos internetes szolg\u00e1ltat\u00e1sokat a weboldal \u00fczemeltet\u0151j\u00e9nek. A b\u00f6ng\u00e9sz\u0151 \u00e1ltal a Google Analytics szolg\u00e1ltat\u00e1shoz eljuttatott IP-c\u00edmeket a Google m\u00e1s adatokt\u00f3l elk\u00fcl\u00f6n\u00edtve t\u00e1rolja. B\u00f6ng\u00e9sz\u0151je megfelel\u0151 be\u00e1ll\u00edt\u00e1s\u00e1val megtilthatja az cookie-k t\u00e1rol\u00e1s\u00e1t; illetve a http:\/\/tools.google.com\/dlpage\/gaoptout?hl=de c\u00edmen let\u00f6lthet\u0151 b\u00f6ng\u00e9sz\u0151b\u0151v\u00edtm\u00e9nnyel megtilthatja az cookie-ban l\u00e9v\u0151, a weboldal haszn\u00e1lat\u00e1t le\u00edr\u00f3 adatok (k\u00f6zt\u00fck az IP-c\u00edm) elk\u00fcld\u00e9s\u00e9t a Google r\u00e9sz\u00e9re, illetve az ilyen adatok Google \u00e1ltali kezel\u00e9s\u00e9t \u00e9s feldolgoz\u00e1s\u00e1t. A Google Analytics \u00e1ltal\u00e1nos felhaszn\u00e1l\u00e1si felt\u00e9teleir\u0151l a http:\/\/www.google.com\/analytics\/terms\/hu.html oldalon, adatv\u00e9delmi szab\u00e1lyzat\u00e1r\u00f3l a http:\/\/www.google.com\/intl\/de\/analytics\/privacyoverview.html oldalon t\u00e1j\u00e9koz\u00f3dhat.<\/p>\n<p>&nbsp;<\/p>\n<p>(2) Google Adwords<\/p>\n<p>&nbsp;<\/p>\n<p>A weboldal ig\u00e9nybe veszi a Google t\u00e1rsas\u00e1g Google AdWords nev\u0171 elemz\u00e9si szolg\u00e1ltat\u00e1s\u00e1t, illetve ennek r\u00e9szek\u00e9nt az \u00e1tkattint\u00e1sk\u00f6vet\u00e9si funkci\u00f3t. A Google AdWords egy \u00e1tkattint\u00e1sk\u00f6vet\u0151 cookie-t (amely \u00e1tkattint\u00e1si vagy konverzi\u00f3s cookie n\u00e9ven is ismert) helyez a l\u00e1togat\u00f3 sz\u00e1m\u00edt\u00f3g\u00e9p\u00e9nek merevlemez\u00e9re, amikor a felhaszn\u00e1l\u00f3 egy Google \u00e1ltal szolg\u00e1ltatott hirdet\u00e9sre kattint. Ezek az cookie 30 napon bel\u00fcl el\u00e9v\u00fclnek, \u00e9s nem alkalmasak szem\u00e9lyes azonos\u00edt\u00e1sra. Egyes weboldalaink megl\u00e1togat\u00e1sakor a Google \u00e9s C\u00c9G NEVE figyelemmel k\u00eds\u00e9rheti, hogy hirdet\u00e9sre kattintva jutott-e weboldalunkra.<\/p>\n<p>&nbsp;<\/p>\n<p>Az \u00e1tkattint\u00e1si cookie-kon kereszt\u00fcl megismert adatokat az AdWords szolg\u00e1ltat\u00e1s \u00e1tkattint\u00e1sk\u00f6vet\u00e9si funkci\u00f3j\u00e1t ig\u00e9nybe vev\u0151 felhaszn\u00e1l\u00f3knak ny\u00fajtott statisztikai elemz\u00e9sek \u00f6ssze\u00e1ll\u00edt\u00e1s\u00e1ra haszn\u00e1lja a Google. E statisztik\u00e1kb\u00f3l az der\u00fcl ki, hogy \u00f6sszesen h\u00e1nyan kattintottak egy Google \u00e1ltal szolg\u00e1ltatott hirdet\u00e9sre, \u00e9s h\u00e1nyan nyitott\u00e1k meg \u00fagy oldalainkat, hogy a sz\u00e1m\u00edt\u00f3g\u00e9p\u00fck\u00f6n volt \u00e9rv\u00e9nyes \u00e1tkattint\u00e1si adatmorzsa. L\u00e1togat\u00f3ink szem\u00e9lyes azonos\u00edt\u00e1s\u00e1ra alkalmas adatokat nem kapunk. Ezeket az adatokat nem tudjuk \u00fagy kombin\u00e1lni m\u00e1s adatainkkal, hogy egy-egy adott felhaszn\u00e1l\u00f3val kapcsolatos k\u00f6vetkeztet\u00e9sre jussunk.<\/p>\n<p>&nbsp;<\/p>\n<h2><a name=\"_Toc514783311\"><\/a>7. Az adatokat megismer\u0151 szem\u00e9lyek k\u00f6re, adattov\u00e1bb\u00edt\u00e1s, adatfeldolgoz\u00e1s<\/h2>\n<p>&nbsp;<\/p>\n<p>Az adatokat els\u0151dlegesen Szervezet, az adatok kezel\u00e9s\u00e9re a Szervezettel szerz\u0151d\u00e9ses viszonyban \u00e1ll\u00f3 v\u00e1llalkoz\u00e1sok (Harmadik felek nyilv\u00e1ntart\u00e1sban \u00e9s Adatvagyon lelt\u00e1rban r\u00f6gz\u00edtve) illetve Szervezet bels\u0151 munkat\u00e1rsai jogosultak megismerni, azonban azokat nem teszik k\u00f6zz\u00e9, harmadik szem\u00e9ly(ek) r\u00e9sz\u00e9re nem adj\u00e1k \u00e1t. Szervezet a meghat\u00e1rozott c\u00e9lok el\u00e9r\u00e9se k\u00f6r\u00e9ben adatfeldolgoz\u00f3t vehet ig\u00e9nybe.<\/p>\n<p>&nbsp;<\/p>\n<p>A fentieken t\u00fal az \u00c9rintettre vonatkoz\u00f3 szem\u00e9lyes adatok tov\u00e1bb\u00edt\u00e1s\u00e1ra kiz\u00e1r\u00f3lag t\u00f6rv\u00e9nyben k\u00f6telez\u0151en meghat\u00e1rozott esetben, illetve az \u00c9rintett hozz\u00e1j\u00e1rul\u00e1sa alapj\u00e1n ker\u00fclhet sor.<\/p>\n<p>&nbsp;<\/p>\n<h2><a name=\"_Toc514783313\"><\/a>8. Az adatkezel\u00e9si t\u00e1j\u00e9koztat\u00f3 m\u00f3dos\u00edt\u00e1s\u00e1nak lehet\u0151s\u00e9ge<\/h2>\n<p>&nbsp;<\/p>\n<p>A Szervezet fenntartja a jogot, hogy jelen adatkezel\u00e9si t\u00e1j\u00e9koztat\u00f3t a felhaszn\u00e1l\u00f3k el\u0151zetes \u00e9rtes\u00edt\u00e9se mellett egyoldal\u00faan m\u00f3dos\u00edtsa. \u00d6n a szolg\u00e1ltat\u00e1snak a m\u00f3dos\u00edt\u00e1s hat\u00e1lybal\u00e9p\u00e9s\u00e9t k\u00f6vet\u0151 haszn\u00e1lat\u00e1val elfogadja a m\u00f3dos\u00edtott adatkezel\u00e9si t\u00e1j\u00e9koztat\u00f3t.<\/p>\n<p>&nbsp;<\/p>\n<h2><a name=\"_Toc514783314\"><\/a>9. A felhaszn\u00e1l\u00f3k jogai szem\u00e9lyes adataik kezel\u00e9s\u00e9vel kapcsolatban<\/h2>\n<p>&nbsp;<\/p>\n<p>Szem\u00e9lyes adatai kezel\u00e9s\u00e9r\u0151l az \u00e9rintett t\u00e1j\u00e9koztat\u00e1st k\u00e9rhetnek, valamint k\u00e9rheti szem\u00e9lyes adatainak helyesb\u00edt\u00e9s\u00e9t, illetve \u2013a jogszab\u00e1lyi kiv\u00e9telekt\u0151l eltekintve- t\u00f6rl\u00e9s\u00e9t. Az \u00e9rintett k\u00e9relm\u00e9re a Szervezet t\u00e1j\u00e9koztat\u00e1st ad az \u00e9rintettnek az \u00e1ltala kezelt adatair\u00f3l, az adatkezel\u00e9s c\u00e9lj\u00e1r\u00f3l, jogalapj\u00e1r\u00f3l, id\u0151tartam\u00e1r\u00f3l, az adatfeldolgoz\u00f3 nev\u00e9r\u0151l, c\u00edm\u00e9r\u0151l (sz\u00e9khely\u00e9r\u0151l) \u00e9s az adatkezel\u00e9ssel \u00f6sszef\u00fcgg\u0151 tev\u00e9kenys\u00e9g\u00e9r\u0151l, tov\u00e1bb\u00e1 arr\u00f3l, hogy kik \u00e9s milyen c\u00e9lb\u00f3l kapj\u00e1k vagy kapt\u00e1k meg az adatokat. Az adatkezel\u0151 a k\u00e9relem beny\u00fajt\u00e1s\u00e1t\u00f3l sz\u00e1m\u00edtott legr\u00f6videbb id\u0151 alatt, legfeljebb azonban 30 napon bel\u00fcl \u00edr\u00e1sban, k\u00f6z\u00e9rthet\u0151 form\u00e1ban adja meg a t\u00e1j\u00e9koztat\u00e1st. E t\u00e1j\u00e9koztat\u00e1s ingyenes. A t\u00e1j\u00e9koztat\u00e1s ir\u00e1nti k\u00e9relmet e-mailben a radobasket@radobasket.hu c\u00edmre kell eljuttatni, amire 8 munkanapon bel\u00fcl v\u00e1laszt kap az \u00e9rintett.<\/p>\n<p>&nbsp;<\/p>\n<p>Az \u00e9rintett tiltakozhat a szem\u00e9lyes adat\u00e1nak kezel\u00e9se ellen a Szervezetn\u00e9l a 14. pontban megadott el\u00e9rhet\u0151s\u00e9gekre eljuttatott nyilatkozat\u00e1ban, ha az adatkezel\u00e9s jogszer\u0171s\u00e9g\u00e9t kifog\u00e1solja; ebben az esetben a Szervezet a d\u00f6nt\u00e9sr\u0151l \u00edr\u00e1sban \u00e9rtes\u00edti az \u00e9rintettet. Amennyiben az \u00e9rintett a d\u00f6nt\u00e9ssel nem \u00e9rt egyet, \u00fagy b\u00edr\u00f3s\u00e1ghoz (t\u00f6rv\u00e9nysz\u00e9k) fordulhat jogainak \u00e9rv\u00e9nyes\u00edt\u00e9se \u00e9rdek\u00e9ben, amely esetben a b\u00edr\u00f3s\u00e1g soron k\u00edv\u00fcl j\u00e1r el. (Infotv. 22- 23.\u00a7).<\/p>\n<p>&nbsp;<\/p>\n<h2><a name=\"_Toc514783315\"><\/a>10. Jog\u00e9rv\u00e9nyes\u00edt\u00e9si lehet\u0151s\u00e9gek<\/h2>\n<p>&nbsp;<\/p>\n<p>Az \u00e9rintett tiltakozhat szem\u00e9lyes adat\u00e1nak kezel\u00e9se ellen,<\/p>\n<ol>\n<li>ha a szem\u00e9lyes adatok kezel\u00e9se vagy tov\u00e1bb\u00edt\u00e1sa kiz\u00e1r\u00f3lag az adatkezel\u0151re vonatkoz\u00f3 jogi k\u00f6telezetts\u00e9g teljes\u00edt\u00e9s\u00e9hez vagy az adatkezel\u0151, adat\u00e1tvev\u0151 vagy harmadik szem\u00e9ly jogos \u00e9rdek\u00e9nek \u00e9rv\u00e9nyes\u00edt\u00e9s\u00e9hez sz\u00fcks\u00e9ges, kiv\u00e9ve k\u00f6telez\u0151 adatkezel\u00e9s eset\u00e9n;<\/li>\n<li>ha a szem\u00e9lyes adat felhaszn\u00e1l\u00e1sa vagy tov\u00e1bb\u00edt\u00e1sa k\u00f6zvetlen \u00fczletszerz\u00e9s, k\u00f6zv\u00e9lem\u00e9ny-kutat\u00e1s vagy tudom\u00e1nyos kutat\u00e1s c\u00e9lj\u00e1ra t\u00f6rt\u00e9nik; valamint<\/li>\n<li>t\u00f6rv\u00e9nyben meghat\u00e1rozott egy\u00e9b esetben.<\/li>\n<\/ol>\n<p>&nbsp;<\/p>\n<p>Az adatkezel\u0151 a tiltakoz\u00e1st a k\u00e9relem beny\u00fajt\u00e1s\u00e1t\u00f3l sz\u00e1m\u00edtott legr\u00f6videbb id\u0151n bel\u00fcl, de legfeljebb 15 napon bel\u00fcl megvizsg\u00e1lja, annak megalapozotts\u00e1ga k\u00e9rd\u00e9s\u00e9ben d\u00f6nt\u00e9st hoz, \u00e9s d\u00f6nt\u00e9s\u00e9r\u0151l a k\u00e9relmez\u0151t \u00edr\u00e1sban t\u00e1j\u00e9koztatja. Amennyiben a Szervezet az \u00e9rintett tiltakoz\u00e1s\u00e1nak megalapozotts\u00e1g\u00e1t meg\u00e1llap\u00edtja, az adatkezel\u00e9st &#8211; bele\u00e9rtve a tov\u00e1bbi adatfelv\u00e9telt \u00e9s adattov\u00e1bb\u00edt\u00e1st is &#8211; megsz\u00fcnteti, \u00e9s az adatokat z\u00e1rolja, valamint a tiltakoz\u00e1sr\u00f3l, tov\u00e1bb\u00e1 az annak alapj\u00e1n tett int\u00e9zked\u00e9sekr\u0151l \u00e9rtes\u00edti mindazokat, akik r\u00e9sz\u00e9re a tiltakoz\u00e1ssal \u00e9rintett szem\u00e9lyes adatot kor\u00e1bban tov\u00e1bb\u00edtotta, \u00e9s akik k\u00f6telesek int\u00e9zkedni a tiltakoz\u00e1si jog \u00e9rv\u00e9nyes\u00edt\u00e9se \u00e9rdek\u00e9ben.<\/p>\n<p>&nbsp;<\/p>\n<p>Ha az \u00e9rintett az adatkezel\u0151nek a tiltakoz\u00e1ssal kapcsolatban meghozott d\u00f6nt\u00e9s\u00e9vel nem \u00e9rt egyet, illetve ha az adatkezel\u0151 a vizsg\u00e1latra lefolytat\u00e1s\u00e1ra meghat\u00e1rozott 15 napos hat\u00e1rid\u0151t elmulasztja, az \u00e9rintett &#8211; a d\u00f6nt\u00e9s k\u00f6zl\u00e9s\u00e9t\u0151l, illetve a hat\u00e1rid\u0151 utols\u00f3 napj\u00e1t\u00f3l sz\u00e1m\u00edtott 30 napon bel\u00fcl b\u00edr\u00f3s\u00e1ghoz fordulhat.<\/p>\n<p>&nbsp;<\/p>\n<h2><a name=\"_Toc514783316\"><\/a>11. Adatkezel\u0151 nyilatkozata<\/h2>\n<p>&nbsp;<\/p>\n<p>Az adatkezel\u0151, mag\u00e1ra n\u00e9zve k\u00f6telez\u0151nek ismeri el jelen t\u00e1j\u00e9koztat\u00f3 tartalm\u00e1t \u00e9s k\u00f6telezetts\u00e9get v\u00e1llal arra, hogy szolg\u00e1ltat\u00e1s\u00e1val kapcsolatos adatkezel\u00e9se megfelel a jelen t\u00e1j\u00e9koztat\u00f3ban meghat\u00e1rozott elv\u00e1r\u00e1soknak.<\/p>\n<p>&nbsp;<\/p>\n<h2>12. Jogorvoslat<\/h2>\n<p>&nbsp;<\/p>\n<p>Az adatkezel\u00e9ssel kapcsolatban a \u00e9rintettnek az al\u00e1bbi jogai, jogorvoslati lehet\u0151s\u00e9gei \u00e1llnak fenn:<\/p>\n<p>&nbsp;<\/p>\n<p>Az \u00e9rintett t\u00e1j\u00e9koztat\u00e1st k\u00e9rhet a Szervezett\u0151l annak el\u00e9rhet\u0151s\u00e9gein Sz\u00e9khely, levelez\u00e9si c\u00edm: 2040, Buda\u00f6rs, Budakeszi \u00fat 6., E-mail: radobasket@radobasket.hu) a szem\u00e9lyes adatok kezel\u00e9s\u00e9r\u0151l; ennek sor\u00e1n az Szervezet t\u00e1j\u00e9koztat\u00e1st ad az \u00e1ltala kezelt adatokr\u00f3l, az adatkezel\u00e9s c\u00e9lj\u00e1r\u00f3l, jogalapj\u00e1r\u00f3l, id\u0151tartam\u00e1r\u00f3l, illetve az esetleges adatfeldolgoz\u00e1sr\u00f3l, vagy az adattov\u00e1bb\u00edt\u00e1s jogalapj\u00e1r\u00f3l \u00e9s c\u00edmzettj\u00e9r\u0151l (Infotv. 14. \u00a7).<\/p>\n<p>&nbsp;<\/p>\n<p>A Szervezet k\u00f6teles legk\u00e9s\u0151bb 25 napon bel\u00fcl \u00edr\u00e1sban megadni a t\u00e1j\u00e9koztat\u00e1st, amelyet csak t\u00f6rv\u00e9nyben meghat\u00e1rozott ok alapj\u00e1n tagadhat meg.<\/p>\n<p>&nbsp;<\/p>\n<p>Az \u00e9rintett jogorvoslati ig\u00e9ny\u00e9vel, panaszaival a NAIH-hoz fordulhat:<\/p>\n<p>Nemzeti Adatv\u00e9delmi \u00e9s Inform\u00e1ci\u00f3szabads\u00e1g Hat\u00f3s\u00e1g<\/p>\n<p>1125\u00a0 Budapest, Szil\u00e1gyi Erzs\u00e9bet fasor 22\/c<\/p>\n<p>Telefon:+36 (1) 391-1400<\/p>\n<p>E-mail: <a href=\"mailto:ugyfelszolgalat@naih.hu\">ugyfelszolgalat@naih.hu<\/a><\/p>\n<p>[\/vc_column_text][\/vc_column][\/vc_row]<\/p>\n<\/div>","protected":false},"excerpt":{"rendered":"<p>[vc_row css=&#8221;.vc_custom_1555511047813{margin-top: -50px !important;}&#8221;][vc_column][vc_custom_heading text=&#8221;Adatkezel\u00e9si t\u00e1j\u00e9koztat\u00f3&#8221; use_theme_fonts=&#8221;yes&#8221;][\/vc_column][\/vc_row][vc_row][vc_column][vc_column_text]Az BDSE Basket (a tov\u00e1bbiakban: Szervezet) a m\u0171k\u00f6d\u00e9se \u00e9s a www.bdsebasket.hu (a tov\u00e1bbiakban: Honlap) m\u0171k\u00f6dtet\u00e9se sor\u00e1n a Szervezet sz\u00e1m\u00e1ra szem\u00e9lyes adataikat megad\u00f3 term\u00e9szetes szem\u00e9lyek, Honlapra l\u00e1togat\u00f3k, Honlapon regisztr\u00e1l\u00f3k vagy szem\u00e9lyes adataikat egy\u00e9b m\u00f3don megad\u00f3 (a tov\u00e1bbiakban egy\u00fcttesen \u00c9rintett) adatait kezeli. Az adatok kezel\u00e9s\u00e9vel \u00f6sszef\u00fcgg\u00e9sben a Szervezet ez\u00faton t\u00e1j\u00e9koztatja az&#8230;<\/p>\n","protected":false},"author":1,"featured_media":0,"parent":0,"menu_order":0,"comment_status":"closed","ping_status":"closed","template":"","meta":{"footnotes":""},"class_list":["post-1354","page","type-page","status-publish","hentry"],"_links":{"self":[{"href":"https:\/\/bdsebasket.hu\/index.php\/wp-json\/wp\/v2\/pages\/1354","targetHints":{"allow":["GET"]}}],"collection":[{"href":"https:\/\/bdsebasket.hu\/index.php\/wp-json\/wp\/v2\/pages"}],"about":[{"href":"https:\/\/bdsebasket.hu\/index.php\/wp-json\/wp\/v2\/types\/page"}],"author":[{"embeddable":true,"href":"https:\/\/bdsebasket.hu\/index.php\/wp-json\/wp\/v2\/users\/1"}],"replies":[{"embeddable":true,"href":"https:\/\/bdsebasket.hu\/index.php\/wp-json\/wp\/v2\/comments?post=1354"}],"version-history":[{"count":8,"href":"https:\/\/bdsebasket.hu\/index.php\/wp-json\/wp\/v2\/pages\/1354\/revisions"}],"predecessor-version":[{"id":5141,"href":"https:\/\/bdsebasket.hu\/index.php\/wp-json\/wp\/v2\/pages\/1354\/revisions\/5141"}],"wp:attachment":[{"href":"https:\/\/bdsebasket.hu\/index.php\/wp-json\/wp\/v2\/media?parent=1354"}],"curies":[{"name":"wp","href":"https:\/\/api.w.org\/{rel}","templated":true}]}}